{"id":2,"date":"2014-11-21T04:51:49","date_gmt":"2014-11-21T04:51:49","guid":{"rendered":"http:\/\/localhost\/wordpress-4.0.1\/wordpress\/?page_id=2"},"modified":"2020-08-23T19:02:28","modified_gmt":"2020-08-23T17:02:28","slug":"sample-page","status":"publish","type":"page","link":"https:\/\/www.syltopia.de\/?page_id=2","title":{"rendered":"Nat\u00fcrlich Sylt"},"content":{"rendered":"<div id='full_slider_1'  class='avia-fullwidth-slider main_color avia-shadow   avia-builder-el-0  el_before_av_textblock  avia-builder-el-first   container_wrap sidebar_right' style=' '  ><div   data-size='featured'  data-lightbox_size='large'  data-animation='slide'  data-conditional_play=''  data-ids='267,271,276,272,277,270,268,269,102'  data-video_counter='0'  data-autoplay='true'  data-bg_slider='false'  data-slide_height=''  data-handle='av_slideshow_full'  data-interval='3'  data-class=' '  data-el_id=''  data-css_id=''  data-scroll_down=''  data-control_layout='av-control-default'  data-custom_markup=''  data-perma_caption=''  data-autoplay_stopper=''  data-image_attachment=''  data-min_height='0px'  data-lazy_loading='disabled'  data-src=''  data-position='top left'  data-repeat='no-repeat'  data-attach='scroll'  data-stretch=''  data-default-height='28.666666666667'  class='avia-slideshow avia-slideshow-1  av-control-default av-default-height-applied avia-slideshow-featured av_slideshow_full   avia-slide-slider '  itemprop=\"image\" itemscope=\"itemscope\" itemtype=\"https:\/\/schema.org\/ImageObject\" ><ul class='avia-slideshow-inner ' style='padding-bottom: 33.59375%;' ><li  class=' slide-1 ' ><div data-rel='slideshow-1' class='avia-slide-wrap '   ><img class=\"wp-image-267 avia-img-lazy-loading-not-267\"  src='https:\/\/www.syltopia.de\/wp-content\/uploads\/2014\/11\/Seite-25-1280x430.jpg' width='1280' height='430' title='Seite 25' alt=''  itemprop=\"thumbnailUrl\"   \/><\/div><\/li><li  class=' slide-2 ' ><div data-rel='slideshow-1' class='avia-slide-wrap '   ><img class=\"wp-image-271 avia-img-lazy-loading-not-271\"  src='https:\/\/www.syltopia.de\/wp-content\/uploads\/2014\/11\/IMG_7010-1279x430.jpg' width='1279' height='430' title='IMG_7010' alt=''  itemprop=\"thumbnailUrl\"   \/><\/div><\/li><li  class=' slide-3 ' ><div data-rel='slideshow-1' class='avia-slide-wrap '   ><img class=\"wp-image-276 avia-img-lazy-loading-not-276\"  src='https:\/\/www.syltopia.de\/wp-content\/uploads\/2014\/11\/P1070402-1280x430.jpg' width='1280' height='430' title='P1070402' alt=''  itemprop=\"thumbnailUrl\"   \/><\/div><\/li><li  class=' slide-4 ' ><div data-rel='slideshow-1' class='avia-slide-wrap '   ><img class=\"wp-image-272 avia-img-lazy-loading-not-272\"  src='https:\/\/www.syltopia.de\/wp-content\/uploads\/2014\/11\/DSC04129.jpg' width='1280' height='378' title='DSC04129' alt=''  itemprop=\"thumbnailUrl\"   \/><\/div><\/li><li  class=' slide-5 ' ><div data-rel='slideshow-1' class='avia-slide-wrap '   ><img class=\"wp-image-277 avia-img-lazy-loading-not-277\"  src='https:\/\/www.syltopia.de\/wp-content\/uploads\/2014\/11\/IMG_0602-1280x430.jpg' width='1280' height='430' title='IMG_0602' alt=''  itemprop=\"thumbnailUrl\"   \/><\/div><\/li><li  class=' slide-6 ' ><div data-rel='slideshow-1' class='avia-slide-wrap '   ><img class=\"wp-image-270 avia-img-lazy-loading-not-270\"  src='https:\/\/www.syltopia.de\/wp-content\/uploads\/2014\/11\/IMG_0004-2-1280x430.jpg' width='1280' height='430' title='IMG_0004 2' alt=''  itemprop=\"thumbnailUrl\"   \/><\/div><\/li><li  class=' slide-7 ' ><div data-rel='slideshow-1' class='avia-slide-wrap '   ><img class=\"wp-image-268 avia-img-lazy-loading-not-268\"  src='https:\/\/www.syltopia.de\/wp-content\/uploads\/2014\/11\/P1020038-3-1280x430.jpg' width='1280' height='430' title='P1020038 3' alt=''  itemprop=\"thumbnailUrl\"   \/><\/div><\/li><li  class=' slide-8 ' ><div data-rel='slideshow-1' class='avia-slide-wrap '   ><img class=\"wp-image-269 avia-img-lazy-loading-not-269\"  src='https:\/\/www.syltopia.de\/wp-content\/uploads\/2014\/11\/P1010560-2-1280x430.jpg' width='1280' height='430' title='P1010560 2' alt=''  itemprop=\"thumbnailUrl\"   \/><\/div><\/li><li  class=' slide-9 ' ><div data-rel='slideshow-1' class='avia-slide-wrap '   ><img class=\"wp-image-102 avia-img-lazy-loading-not-102\"  src='https:\/\/www.syltopia.de\/wp-content\/uploads\/2015\/04\/IMG_2249-1500x430.jpg' width='1500' height='430' title='IMG_2249' alt=''  itemprop=\"thumbnailUrl\"   \/><\/div><\/li><\/ul><div class='avia-slideshow-arrows avia-slideshow-controls'><a href='#prev' class='prev-slide' aria-hidden='true' data-av_icon='\ue87c' data-av_iconfont='entypo-fontello'>Zur\u00fcck<\/a><a href='#next' class='next-slide' aria-hidden='true' data-av_icon='\ue87d' data-av_iconfont='entypo-fontello'>Weiter<\/a><\/div><div class='avia-slideshow-dots avia-slideshow-controls'><a href='#1' class='goto-slide active' >1<\/a><a href='#2' class='goto-slide ' >2<\/a><a href='#3' class='goto-slide ' >3<\/a><a href='#4' class='goto-slide ' >4<\/a><a href='#5' class='goto-slide ' >5<\/a><a href='#6' class='goto-slide ' >6<\/a><a href='#7' class='goto-slide ' >7<\/a><a href='#8' class='goto-slide ' >8<\/a><a href='#9' class='goto-slide ' >9<\/a><\/div><\/div><\/div><div id='after_full_slider_1'  class='main_color av_default_container_wrap container_wrap sidebar_right' style=' '  ><div class='container' ><div class='template-page content  av-content-small alpha units'><div class='post-entry post-entry-type-page post-entry-2'><div class='entry-content-wrapper clearfix'>\n<section class=\"av_textblock_section \"  itemscope=\"itemscope\" itemtype=\"https:\/\/schema.org\/CreativeWork\" ><div class='avia_textblock  '   itemprop=\"text\" ><p><strong>Das Natur-Buch\u00a0f\u00fcr alle Syltfans- seit August 2020 ganz neu aktualisiert \u00a0in 2. Auflage.<\/strong><\/p>\n<p>20 Seiten und viele Themen mehr- 2,8 Euro g\u00fcnstiger als die 1. Auflage.<\/p>\n<p><strong>Entdecken Sie Sylt ganz neu! Auch wenn Sie! schon x-mal auf der Insel\u00a0waren, oder auf\u00a0S<a href=\"https:\/\/www.syltopia.de\/wp-content\/uploads\/2020\/08\/Bildschirmfoto-2020-08-23-um-17.58.08.png\"><img loading=\"lazy\" decoding=\"async\" class=\"alignleft wp-image-917 size-medium\" src=\"https:\/\/www.syltopia.de\/wp-content\/uploads\/2020\/08\/Bildschirmfoto-2020-08-23-um-17.58.08-203x300.png\" alt=\"\" width=\"203\" height=\"300\" srcset=\"https:\/\/www.syltopia.de\/wp-content\/uploads\/2020\/08\/Bildschirmfoto-2020-08-23-um-17.58.08-203x300.png 203w, https:\/\/www.syltopia.de\/wp-content\/uploads\/2020\/08\/Bildschirmfoto-2020-08-23-um-17.58.08-698x1030.png 698w, https:\/\/www.syltopia.de\/wp-content\/uploads\/2020\/08\/Bildschirmfoto-2020-08-23-um-17.58.08-768x1133.png 768w, https:\/\/www.syltopia.de\/wp-content\/uploads\/2020\/08\/Bildschirmfoto-2020-08-23-um-17.58.08-478x705.png 478w, https:\/\/www.syltopia.de\/wp-content\/uploads\/2020\/08\/Bildschirmfoto-2020-08-23-um-17.58.08-450x664.png 450w, https:\/\/www.syltopia.de\/wp-content\/uploads\/2020\/08\/Bildschirmfoto-2020-08-23-um-17.58.08.png 830w\" sizes=\"auto, (max-width: 203px) 100vw, 203px\" \/><\/a>ylt leben, wird Ihnen dieser zeitlose Naturerlebnisf\u00fchrer neue Perspektiven bieten.<\/strong><\/p>\n<p class=\"paragraph_style_1\">Haben Sie Lust, meinen Ausf\u00fchrungen und ausgearbeiteten Radtouren \u00fcber DIE INSEL zu folgen?<\/p>\n<p class=\"paragraph_style_1\">Ich werde Sie in meinem Reisef\u00fchrer<span style=\"color: #3366ff;\">\u00a0<span class=\"style_6\">Nat\u00fcrlich<\/span>\u00a0<span class=\"style_7\">Sylt\u00a0<\/span><\/span>mit zahlreichen Fakten auf Seiten und Zusammenh\u00e4nge von Sylt aufmerksam machen, die Sie sogar als Stammgast oder Sylter so m\u00f6glicherweise noch nicht entdeckt oder gewusst haben.<\/p>\n<p class=\"paragraph_style_1\">Dieses Buch habe ich f\u00fcr Menschen geschrieben, denen eine sch\u00f6ne Landschaft, ein lebendiges Meer, ein frischer Wind und klare, gesunde Luft am Herzen liegen. Wenn Sie mehr \u00fcber Bedeutung, Gef\u00e4hrdung und Schutz Ihrer Lieblingsinsel wissen m\u00f6chten, liegen Sie damit genau richtig.<\/p>\n<p class=\"paragraph_style_7\">\n<p class=\"paragraph_style_7\" style=\"text-align: right;\"><span class=\"Bold\">GENAUE TOURBESCHREIBUNGEN<br \/>\n<\/span><\/p>\n<p class=\"paragraph_style_7\" style=\"text-align: right;\"><span class=\"Bold\">ANSCHAULICHE KARTEN<br \/>\n<\/span><\/p>\n<p class=\"paragraph_style_7\" style=\"text-align: right;\"><span class=\"Bold\">BESCHREIBUNG ALLER WICHTIGEN PUNKTE UND SEHENSW\u00dcRDIGKEITEN<br \/>\n<\/span><\/p>\n<p class=\"paragraph_style_7\" style=\"text-align: right;\"><span class=\"Bold\">DETAILLIERTES REGISTER UND<br \/>\n<\/span><\/p>\n<p class=\"paragraph_style_7\" style=\"text-align: right;\"><span class=\"Bold\">UMFANGREICHE ADRESS-UND LINKSAMMLUNG<br \/>\n<\/span><\/p>\n<p class=\"paragraph_style_7\" style=\"text-align: right;\"><span class=\"Bold\">PRAKTISCHES BUCHFORMAT ZUM MITNEHMEN<br \/>\n<\/span><\/p>\n<\/div><\/section>\n<div   class=\"togglecontainer    avia-builder-el-2  el_after_av_textblock  el_before_av_testimonials \" >\n<section class=\"av_toggle_section\"  itemscope=\"itemscope\" itemtype=\"https:\/\/schema.org\/CreativeWork\"  >    <div role=\"tablist\" class=\"single_toggle\" data-tags=\"{Alle} \"  >        <p data-fake-id=\"#toggle-id-1\" class=\"toggler \"  itemprop=\"headline\"    role=\"tab\" tabindex=\"0\" aria-controls=\"toggle-id-1\">Buch Fakten<span class=\"toggle_icon\" >        <span class=\"vert_icon\"><\/span><span class=\"hor_icon\"><\/span><\/span><\/p>        <div id=\"toggle-id-1\" class=\"toggle_wrap \"   >            <div class=\"toggle_content invers-color \"  itemprop=\"text\"   ><p class=\"Heading_2\"><strong>Buch-Fakten, 2. Auflage, Herbst 2020<\/strong><\/p>\n<p class=\"Sidebar_Body\"><span class=\"Bold\">MASSE\u00a0\u00a0\u00a0\u00a0<\/span>20,5 x 12 cm<span class=\"Bold\"><br \/>\n<\/span><\/p>\n<p class=\"Sidebar_Body\"><span class=\"Bold\">SEITEN<\/span>\u00a0\u00a0\u00a0 262<\/p>\n<p class=\"Sidebar_Body\"><span class=\"Bold\">FOTOS<\/span>\u00a0\u00a0\u00a0 ca. 135, vierfarbig<\/p>\n<p class=\"Sidebar_Body\"><span class=\"Bold\">GRAFIK<\/span>\u00a0\u00a0\u00a0\u00a0\u00a0\u00a0 2<\/p>\n<p class=\"Sidebar_Body\"><span class=\"Bold\">KARTEN<\/span>\u00a0\u00a0\u00a0 11<\/p>\n<p class=\"Sidebar_Body\"><span class=\"Bold\">PREIS<\/span>\u00a0\u00a0\u00a0\u00a0\u00a0\u00a0\u00a0 19,80 Euro<\/p>\n<p class=\"Sidebar_Body\"><span class=\"Bold\">VERLAG\u00a0\u00a0\u00a0\u00a0\u00a0<\/span>Feldhaus, Hamburg<\/p>\n<p class=\"Sidebar_Body\"><span class=\"Bold\">ERSCHEINUNGSDATUM der 2. Auflage:\u00a0\u00a0<\/span>31.08.2020<\/p>\n<p class=\"Sidebar_Body\"><span class=\"Bold\">ISBN<\/span>\u00a0 978-3-88264-680-1<\/p>\n<p class=\"Heading_2\">\n<p class=\"paragraph_style_10\">Um dem Umweltgedanken dieses Buches auch bei der Produktion gerecht zu werden, haben wir ausschlie\u00dflich FSC-zertifizierte Papiere verwendet. Der Druck erfolgte mit 100 Prozent \u00d6kostrom und dem errechneten CO2-Aussto\u00df wurde durch F\u00f6rderung von Klimaschutzprojekten Rechnung getragen.<\/p>\n<p class=\"paragraph_style_10\">FELDHAUS VERLAG<\/p>\n            <\/div>        <\/div>    <\/div><\/section>\n<section class=\"av_toggle_section\"  itemscope=\"itemscope\" itemtype=\"https:\/\/schema.org\/CreativeWork\"  >    <div role=\"tablist\" class=\"single_toggle\" data-tags=\"{Alle} \"  >        <p data-fake-id=\"#toggle-id-2\" class=\"toggler \"  itemprop=\"headline\"    role=\"tab\" tabindex=\"0\" aria-controls=\"toggle-id-2\">weitere Bildautoren<span class=\"toggle_icon\" >        <span class=\"vert_icon\"><\/span><span class=\"hor_icon\"><\/span><\/span><\/p>        <div id=\"toggle-id-2\" class=\"toggle_wrap \"   >            <div class=\"toggle_content invers-color \"  itemprop=\"text\"   ><p class=\"paragraph_style_2\"><span class=\"style_5\"><strong>Illustration<a href=\"http:\/\/syltopia.natuerlichsylt.net\/wp-content\/uploads\/2015\/04\/shapeimage_3-1.png\"><img loading=\"lazy\" decoding=\"async\" class=\" size-full wp-image-235 alignright\" src=\"http:\/\/syltopia.natuerlichsylt.net\/wp-content\/uploads\/2015\/04\/shapeimage_3-1.png\" alt=\"shapeimage_3 1\" width=\"259\" height=\"333\" srcset=\"https:\/\/www.syltopia.de\/wp-content\/uploads\/2015\/04\/shapeimage_3-1.png 259w, https:\/\/www.syltopia.de\/wp-content\/uploads\/2015\/04\/shapeimage_3-1-233x300.png 233w\" sizes=\"auto, (max-width: 259px) 100vw, 259px\" \/><\/a><\/strong><br \/>\n<\/span><\/p>\n<p class=\"paragraph_style_3\"><strong>Die Fotos<\/strong><br \/>\n<span class=\"style_6\">F\u00fcr das Buch haben namhafte Fotografen und Naturkenner wunderbare Bilder beigesteuert, um das umfangreiche Repertoire des Autors<br \/>\n<\/span><span class=\"style_7\">Lothar Koch\u00a0<\/span><span class=\"style_6\">zu erg\u00e4nzen:<br \/>\n<\/span><\/p>\n<p class=\"paragraph_style_3\"><span class=\"style_7\">Maike H\u00fcls- Gr\u00e4hning, sylter Portraitfotografin mit Stil<br \/>\nHans Jessel,\u00a0<\/span><span class=\"style_6\">der bekannteste Landschaftsfotograf der Insel<\/span><span class=\"style_7\"><br \/>\n<\/span><\/p>\n<p class=\"paragraph_style_3\"><span class=\"style_7\">Dr. Thomas Luther,\u00a0<\/span><span class=\"style_8\">Ornithologe und Augenarzt auf Sylt<br \/>\n<\/span><span class=\"style_7\">Dr. Frauke Timm,\u00a0<\/span><span class=\"style_8\">(Ex-) Sylterin und \u00c4rztin in Kiel<br \/>\n<\/span><\/p>\n<p class=\"paragraph_style_3\"><span class=\"style_7\">Brian Boysen,\u00a0<\/span><span class=\"style_8\">Buchautor, Fotograf und Wellenreiter von Sylt<br \/>\n<\/span><\/p>\n<p class=\"paragraph_style_3\"><span class=\"style_7\">Volker Frenzel,\u00a0<\/span><span class=\"style_8\">Rasender Bildreporter und Buchautor der Insel<br \/>\n<\/span><\/p>\n<p class=\"paragraph_style_3\"><span class=\"style_7\">Rainer Borcherding:\u00a0<\/span><span class=\"style_8\">Artenspezialist bei der Schutzstation Wattenmeer<br \/>\n<\/span><\/p>\n<p class=\"paragraph_style_3\"><span class=\"style_7\">Cornelius Nelo,\u00a0<\/span><span class=\"style_9\">der<\/span><span class=\"style_8\">\u00a0Robbenfotograf in Schleswig -Holstein<br \/>\n<\/span><\/p>\n<p class=\"paragraph_style_3\"><span class=\"style_7\">Wolf Wichmann,\u00a0<\/span><span class=\"style_8\">Geologe und Tauchfotograf bei Greenpeace<br \/>\n<\/span><\/p>\n<p class=\"paragraph_style_3\"><span class=\"style_7\">Ari Friedlaender,\u00a0<\/span><span class=\"style_8\">internationaler Wal-Experte bei IFAW<br \/>\n<\/span><\/p>\n<p class=\"paragraph_style_3\"><span class=\"style_10\">Frank Hitzig<\/span><span class=\"style_8\">, Weltreisender, der Sylt immer wieder ganz oben auf der Liste hat..<br \/>\n<\/span><\/p>\n<p class=\"paragraph_style_3\"><span class=\"style_7\">Naturschutzwarte und F\u00f6rderer der Schutzstation Wattenmeer<\/span><span class=\"style_8\">\u00a0sowie der<\/span><span class=\"style_7\">\u00a0Verleger Hendrik Asmus\u00a0<\/span><span class=\"style_8\">vom Feldhaus Verlag, Hamburg<br \/>\n<\/span><\/p>\n<p class=\"paragraph_style_3\"><strong>Die Wanderkarten<\/strong><\/p>\n<p class=\"paragraph_style_4\"><span class=\"style_7\">zur Erstellung des reichen Kartenwerkes konnten wir den Diplomingeneur\u00a0<\/span><span class=\"style_11\">Lars Rohde<\/span><span class=\"style_7\">\u00a0von der Firma inselgr\u00fcn gewinnen. Lars Rohde ist Sylter Landschaftsplaner und hat auch die Informationstafeln des Besucherlenkungssystems auf Sylt illustriert. Die Karten im Buch und die Karten auf Tafeln im Gel\u00e4nde sind also sehr gut aufeinander abgestimmt. Sie zeigen die ausgew\u00e4hlten Routen, die genannten Sehensw\u00fcrdigkeiten und besonderen Haltepunkte, sowie den Standort von Strandsaunen und wichtigen Einrichtungen.<br \/>\n<\/span><\/p>\n<p class=\"paragraph_style_4\"><span class=\"style_7\">Eine Spezialkarte zeigt die Sylter Naturschutzgebiete auf einen Blick und wo die Wahrscheinlichkeit gr\u00f6\u00dfer ist, bestimmte Artengruppen auf Sylt zu entdecken.<\/span><\/p>\n<p class=\"paragraph_style_4\">\n<p class=\"paragraph_style_4\"><strong>Weitere Kooperationspartner<\/strong><\/p>\n<div class=\"style_SkipStroke_1 shape-with-text flowDefining\">\n<div class=\"text-content style_External_252_445\">\n<div class=\"style_4\">\n<p class=\"Body\"><a class=\"class1\" title=\"http:\/\/www.feldhausverlag.de\/osc\/catalog\/index.php?cPath=30\" href=\"http:\/\/www.feldhausverlag.de\/osc\/catalog\/index.php?cPath=30\">Feldhaus Verlag<\/a><\/p>\n<p class=\"Body\"><a class=\"class2\" title=\"http:\/\/www.sylt.de\" href=\"http:\/\/www.sylt.de\/\">SMG- Sylt Marketing GmBH<\/a><\/p>\n<p class=\"paragraph_style\"><strong>Befreundete Organisationen und Personen<\/strong><\/p>\n<p class=\"paragraph_style_2\"><a class=\"class3\" title=\"http:\/\/www.naturschutz-sylt.de\" href=\"http:\/\/www.naturschutz-sylt.de\/\">Naturschutzgemeinschaft Sylt<\/a><\/p>\n<p class=\"paragraph_style_3\"><a class=\"class4\" title=\"http:\/\/www.schutzstation-wattenmeer.de\" href=\"http:\/\/www.schutzstation-wattenmeer.de\/\">Schutzstation Wattenmeer\u00a0<\/a><\/p>\n<p class=\"paragraph_style_3\"><a class=\"class5\" title=\"http:\/\/www.soelring-foriining.de\" href=\"http:\/\/www.soelring-foriining.de\/\">S\u00f6lring Foriining<\/a><\/p>\n<p class=\"paragraph_style_3\"><a class=\"class6\" title=\"http:\/\/www.naturgewalten-sylt.de\" href=\"http:\/\/www.naturgewalten-sylt.de\/\">Erlebniszentrum Naturgewalten Sylt<\/a><\/p>\n<p class=\"paragraph_style_3\"><a class=\"class7\" title=\"http:\/\/www.sylt-island.de\" href=\"http:\/\/www.sylt-island.de\/\">Sylter G\u00e4stef\u00fchrerin Silke von Bremen<br \/>\n<\/a><\/p>\n<p class=\"paragraph_style_3\"><a class=\"class8\" title=\"http:\/\/www.greenpeace.de\" href=\"http:\/\/www.greenpeace.de\/\">Greenpeace<br \/>\n<\/a><\/p>\n<p class=\"paragraph_style_3\"><a class=\"class9\" title=\"http:\/\/www.ifaw.org\/de\/\" href=\"http:\/\/www.ifaw.org\/de\/\">IFAW<\/a><\/p>\n<\/div>\n<div class=\"tinyText\"><\/div>\n<\/div>\n<\/div>\n            <\/div>        <\/div>    <\/div><\/section>\n<section class=\"av_toggle_section\"  itemscope=\"itemscope\" itemtype=\"https:\/\/schema.org\/CreativeWork\"  >    <div role=\"tablist\" class=\"single_toggle\" data-tags=\"{Alle} \"  >        <p data-fake-id=\"#toggle-id-3\" class=\"toggler \"  itemprop=\"headline\"    role=\"tab\" tabindex=\"0\" aria-controls=\"toggle-id-3\">Partner-Links<span class=\"toggle_icon\" >        <span class=\"vert_icon\"><\/span><span class=\"hor_icon\"><\/span><\/span><\/p>        <div id=\"toggle-id-3\" class=\"toggle_wrap \"   >            <div class=\"toggle_content invers-color \"  itemprop=\"text\"   ><ul>\n<li style=\"text-align: left;\"><strong>Kooperationspartner<a href=\"http:\/\/syltopia.natuerlichsylt.net\/wp-content\/uploads\/2015\/04\/P1050572.jpg\"><img loading=\"lazy\" decoding=\"async\" class=\" size-full wp-image-217 alignright\" src=\"http:\/\/syltopia.natuerlichsylt.net\/wp-content\/uploads\/2015\/04\/P1050572.jpg\" alt=\"P1050572\" width=\"258\" height=\"182\" \/><\/a><\/strong>\n<ul>\n<li style=\"text-align: left;\"><a class=\"class1\" title=\"http:\/\/www.feldhausverlag.de\/osc\/catalog\/index.php?cPath=30\" href=\"http:\/\/www.feldhausverlag.de\/osc\/catalog\/index.php?cPath=30\" target=\"_blank\" rel=\"noopener noreferrer\">Feldhaus Verlag<\/a><\/li>\n<li style=\"text-align: left;\"><a href=\"https:\/\/blog.sylt.de\/author\/lotharkoch\/\" target=\"_blank\" rel=\"noopener noreferrer\">SMG- Sylt Marketing GmBH<\/a><\/li>\n<\/ul>\n<\/li>\n<\/ul>\n<div class=\"style_SkipStroke_1 shape-with-text flowDefining\">\n<div class=\"text-content style_External_252_445\">\n<div class=\"style_4\">\n<ul>\n<li class=\"paragraph_style\"><strong>Befreundete Organisationen und Personen<\/strong>\n<ul>\n<li class=\"paragraph_style_2\"><a class=\"class3\" title=\"http:\/\/www.naturschutz-sylt.de\" href=\"http:\/\/www.naturschutz-sylt.de\/\">Naturschutzgemeinschaft Sylt<\/a><\/li>\n<li class=\"paragraph_style_2\"><a class=\"class4\" title=\"http:\/\/www.schutzstation-wattenmeer.de\" href=\"http:\/\/www.schutzstation-wattenmeer.de\/\">Schutzstation Wattenmeer\u00a0<\/a><\/li>\n<li class=\"paragraph_style_2\"><a class=\"class5\" title=\"http:\/\/www.soelring-foriining.de\" href=\"http:\/\/www.soelring-foriining.de\/\">S\u00f6lring Foriining<\/a><\/li>\n<li class=\"paragraph_style_2\"><a class=\"class6\" title=\"http:\/\/www.naturgewalten-sylt.de\" href=\"http:\/\/www.naturgewalten-sylt.de\/\">Erlebniszentrum Naturgewalten Sylt<\/a><\/li>\n<li class=\"paragraph_style_2\"><a class=\"class7\" title=\"http:\/\/www.sylt-island.de\" href=\"http:\/\/www.sylt-island.de\/\">Sylter G\u00e4stef\u00fchrerin Silke von Bremen<\/a><\/li>\n<li class=\"paragraph_style_2\"><a class=\"class8\" title=\"http:\/\/www.greenpeace.de\" href=\"http:\/\/www.greenpeace.de\/\">Greenpeace<\/a><\/li>\n<li class=\"paragraph_style_2\"><a class=\"class9\" title=\"http:\/\/www.ifaw.org\/de\/\" href=\"http:\/\/www.ifaw.org\/de\/\">IFAW<\/a><\/li>\n<\/ul>\n<\/li>\n<li class=\"paragraph_style_3\"><strong>N\u00fctzliche Webseiten<\/strong>\n<ul>\n<li class=\"paragraph_style_3\"><a title=\"http:\/\/www.sylt.de\/service\/download\/natuerlich-sylt.html\" href=\"http:\/\/www.sylt.de\/service\/download\/natuerlich-sylt.html\">Nat\u00fcrlich Sylt- das Magazin<\/a><\/li>\n<li class=\"paragraph_style_3\"><a title=\"http:\/\/naturinfo.natuerlich-sylt.com\" href=\"http:\/\/natuerlichsylt.net\" target=\"_blank\" rel=\"noopener noreferrer\">Sylt NaturReporter- der Blog<\/a><\/li>\n<li class=\"paragraph_style_3\"><a title=\"http:\/\/www.meerfrausylt.de\" href=\"http:\/\/www.meerfrausylt.de\/\">MeerFrauSylt- Tolle Gesundheitsseminare auf Sylt f\u00fcr Frauen\u00a0<\/a><\/li>\n<li class=\"paragraph_style_3\"><a href=\"http:\/\/ornitho.de\">Vogelbeobachtungen melden<\/a><\/li>\n<li class=\"paragraph_style_3\"><a href=\"http:\/\/beachexplorer.org\">Strandfunde und Wale melden<\/a><\/li>\n<li class=\"paragraph_style_3\"><a title=\"http:\/\/www.youtube.com\/user\/MrElk42\/feed\" href=\"http:\/\/www.youtube.com\/user\/MrElk42\/feed\">Lothar Koch bei YouTube<\/a><\/li>\n<\/ul>\n<\/li>\n<\/ul>\n<div id=\"id3\" class=\"style_SkipStroke_3 shape-with-text\">\n<div class=\"text-content graphic_textbox_layout_style_default_External_252_464\">\n<div class=\"graphic_textbox_layout_style_default\">\n<p class=\"paragraph_style_7\"><strong>M\u00f6chten Sie mein Buch empfehlen?<\/strong><\/p>\n<ol>\n<li class=\"full-width\">\n<p class=\"paragraph_style_8\"><span class=\"Aufz\u00e4hlungszeichen\">&#8211;<\/span>Verlinken Sie sich mit meinen Websites<\/p>\n<\/li>\n<\/ol>\n<ol>\n<li class=\"full-width\">\n<p class=\"paragraph_style_8\"><span class=\"Aufz\u00e4hlungszeichen\">&#8211;<\/span>Fordern Sie Plakate und Prospekte zum Weitergeben an.<\/p>\n<\/li>\n<\/ol>\n<p class=\"paragraph_style_9\">Wenden Sie sich als Buchhandlung oder Verkaufsstelle bitte direkt an den Feldhaus Verlag<\/p>\n<\/div>\n<\/div>\n<\/div>\n<\/div>\n<div class=\"tinyText\"><\/div>\n<\/div>\n<\/div>\n            <\/div>        <\/div>    <\/div><\/section>\n<\/div>\n<div   data-autoplay='1'  data-interval='5'  data-animation='fade'  data-hoverpause='1'  class='avia-testimonial-wrapper avia-slider-testimonials avia-slider-4-testimonials avia_animate_when_almost_visible   '>\n<section class ='avia-testimonial-row'><div class='avia-testimonial av_one_fourth flex_column no_margin avia-testimonial-row-1 avia-first-testimonial' ><div class='avia-testimonial_inner'  itemscope=\"itemscope\" itemtype=\"https:\/\/schema.org\/CreativeWork\" ><div class='avia-testimonial-content '  ><div class='avia-testimonial-markup-entry-content'  itemprop=\"text\" ><p>Hallo Herr Koch,<\/p>\n<p>Sie haben eine wundervolle Seite mit wertvollen Inhalten.<\/p>\n<p>Vielen Dank, dass Sie sich f\u00fcr unsere sch\u00fctzenswerte Natur einsetzen.<\/p>\n<\/div><\/div><div class='avia-testimonial-meta'><div class='avia-testimonial-arrow-wrap'><div class='avia-arrow'><\/div><\/div><div class='avia-testimonial-meta-mini'  itemprop=\"author\" itemscope=\"itemscope\" itemtype=\"https:\/\/schema.org\/Person\" ><strong  class='avia-testimonial-name'    itemprop=\"name\" >Nico Kurzmann\u2028<\/strong><span  class='avia-testimonial-subtitle '    itemprop=\"jobTitle\" >Online-Redaktion f\u00fcr Ferienhausvermietung<\/span><span class='hidden avia-testimonial-markup-link'  itemprop=\"url\" >http:\/\/www.fewo-direkt.de\/vd2\/files\/vv\/images\/sylt-infografik.jpg<\/span> &ndash; <a class='aviablank avia-testimonial-link' href='http:\/\/www.fewo-direkt.de\/vd2\/files\/vv\/images\/sylt-infografik.jpg' rel=\u2019noopener noreferrer\u2019>http:\/\/www.fewo-direkt.de\/vd2\/files\/vv\/images\/sylt-infografik.jpg<\/a><\/div><\/div><\/div><\/div>\n<div class='avia-testimonial av_one_fourth flex_column no_margin avia-testimonial-row-1 ' ><div class='avia-testimonial_inner'  itemscope=\"itemscope\" itemtype=\"https:\/\/schema.org\/CreativeWork\" ><div class='avia-testimonial-content '  ><div class='avia-testimonial-markup-entry-content'  itemprop=\"text\" ><p>Guten Abend, Herr Koch<br \/>\nsehr begeistert mich Ihr wirklich informatives Buch \u00fcber \u201cIhre\u201d Insel.<br \/>\nIch spiele schon mit dem Gedanken nur mal mit dem Rad nach Sylt zu kommen und<br \/>\ndort Ihre sch\u00f6nen Radwanderwege auszuprobieren. An Ihrem B\u00fcchlein fehlt mir ein<br \/>\nLesezeichenband. Vielleicht kann man dies noch korrigieren?? Ein Plastikumschlag w\u00e4re, da wir ja so viele Regentage haben, auch noch ein Option?<br \/>\nDanke. Heute ist in Schweden Midsommer und hier regnet es aus Eimern..<br \/>\nVielleicht kommt der Sommer \u2013 irgendwann??<br \/>\nEine gute Zeit f\u00fcr uns alle.<br \/>\nGru\u00df aus Schleswig<br \/>\nIlsegret Holzmann<\/p>\n<\/div><\/div><div class='avia-testimonial-meta'><div class='avia-testimonial-arrow-wrap'><div class='avia-arrow'><\/div><\/div><div class='avia-testimonial-meta-mini'  itemprop=\"author\" itemscope=\"itemscope\" itemtype=\"https:\/\/schema.org\/Person\" ><strong  class='avia-testimonial-name'    itemprop=\"name\" >Ilsgret Holzmann<\/strong><span  class='avia-testimonial-subtitle '    itemprop=\"jobTitle\" >Flensburg<\/span><\/div><\/div><\/div><\/div>\n<div class='avia-testimonial av_one_fourth flex_column no_margin avia-testimonial-row-1 ' ><div class='avia-testimonial_inner'  itemscope=\"itemscope\" itemtype=\"https:\/\/schema.org\/CreativeWork\" ><div class='avia-testimonial-content '  ><div class='avia-testimonial-markup-entry-content'  itemprop=\"text\" ><p class=\"paragraph_style\">Der Reisef\u00fchrer ist total gut gelungen und es macht Spa\u00df darin zu lesen ,toll!!!!!!!<\/p>\n<p class=\"paragraph_style\">Gabi aus Kampen<\/p>\n<\/div><\/div><div class='avia-testimonial-meta'><div class='avia-testimonial-arrow-wrap'><div class='avia-arrow'><\/div><\/div><div class='avia-testimonial-meta-mini'  itemprop=\"author\" itemscope=\"itemscope\" itemtype=\"https:\/\/schema.org\/Person\" ><strong  class='avia-testimonial-name'    itemprop=\"name\" >Gabi Vogt<\/strong><span  class='avia-testimonial-subtitle '    itemprop=\"jobTitle\" >Kampen<\/span><\/div><\/div><\/div><\/div>\n<div class='avia-testimonial av_one_fourth flex_column no_margin avia-testimonial-row-1 ' ><div class='avia-testimonial_inner'  itemscope=\"itemscope\" itemtype=\"https:\/\/schema.org\/CreativeWork\" ><div class='avia-testimonial-content '  ><div class='avia-testimonial-markup-entry-content'  itemprop=\"text\" ><p class=\"paragraph_style\">Lieber Lothar,<\/p>\n<p class=\"paragraph_style\">habe Wochenends Dein &#8222;Nat\u00fcrlich Sylt&#8220; mit zunehmendem Interesse gelesen. Ich finde Dein Buch \u00e4u\u00dferst gelungen, besonders\u00a0 die klare Position zum Umgang mit der Insel im mittleren Teil. Ich w\u00fcnsche Dir und der Insel LeserInnnen so viele wie Sand im Meer!<\/p>\n<p class=\"paragraph_style\">Mit herzlichem Gru\u00df<\/p>\n<p class=\"paragraph_style_1\">Prof. Dr. Karsten Reise, AWI Wattenmeerstation List<\/p>\n<\/div><\/div><div class='avia-testimonial-meta'><div class='avia-testimonial-arrow-wrap'><div class='avia-arrow'><\/div><\/div><div class='avia-testimonial-meta-mini'  itemprop=\"author\" itemscope=\"itemscope\" itemtype=\"https:\/\/schema.org\/Person\" ><strong  class='avia-testimonial-name'    itemprop=\"name\" >Prof. Karsten Reise<\/strong><span  class='avia-testimonial-subtitle '    itemprop=\"jobTitle\" >AWI List<\/span><\/div><\/div><\/div><\/div>\n<div class='avia-testimonial av_one_fourth flex_column no_margin avia-testimonial-row-1 ' ><div class='avia-testimonial_inner'  itemscope=\"itemscope\" itemtype=\"https:\/\/schema.org\/CreativeWork\" ><div class='avia-testimonial-content '  ><div class='avia-testimonial-markup-entry-content'  itemprop=\"text\" ><p class=\"paragraph_style_3\"><span class=\"style_2\">Ein beeindruckender Natur-Reisef\u00fchrer f\u00fcr Sylt<\/span><span class=\"style_3\"><br \/>\n<\/span><\/p>\n<p class=\"paragraph_style_3\">Sylt-Reisef\u00fchrer gibt es viele, einen F\u00fchrer zu den Top Naturerlebnissen auf Sylt hingegen wohl nur einen. Und den hat der Syltkenner und Biologe Lothar Koch nun vorgelegt. Ein Buch, das trotz seines Umfanges noch in den Wanderrucksack passt und dank seines Schutzumschlages sogar wetterfest ist. Ein idealer F\u00fchrer f\u00fcr unterwegs.<\/p>\n<p class=\"paragraph_style_3\">Im ersten Drittel des Buches werden die Entstehungsgeschichte der Insel, die einzelnen Naturr\u00e4ume die Bedrohungen und Gefahren f\u00fcr die Insel sowie die erforderlichen und praktizierten Naturschutzaktivit\u00e4ten anschaulich und verst\u00e4ndlich dargestellt.<\/p>\n<p class=\"paragraph_style_3\">Das Gros des Buches aber behandelt die Natursch\u00e4tze der Insel. Diese werden in insgesamt 9 Touren mit unterschiedlichem Charakter ansprechend und informativ dargestellt und laden zur Entdeckung per Fahrrad oder per pedes ein. Eine Detailkarte ist jeder Beschreibung vorangestellt. Kleine Leckerbissen sind die eingestreuten Lieblingsspazierg\u00e4nge des Autors. Ich kann dieses Buch jedem Sylt-Naturliebhaber empfehlen!<\/p>\n<p class=\"paragraph_style_3\">Dr. Martin Stock, Wattenmeerexperte im Landesamtsbereich f\u00fcr den Nationalpark Schleswig-Holsteinisches Wattenmeer und Buchautor<\/p>\n<\/div><\/div><div class='avia-testimonial-meta'><div class='avia-testimonial-arrow-wrap'><div class='avia-arrow'><\/div><\/div><div class='avia-testimonial-meta-mini'  itemprop=\"author\" itemscope=\"itemscope\" itemtype=\"https:\/\/schema.org\/Person\" ><strong  class='avia-testimonial-name'    itemprop=\"name\" >Dr. Martin Stock<\/strong><span  class='avia-testimonial-subtitle '    itemprop=\"jobTitle\" >Nationalpark Wattenmmeer<\/span><\/div><\/div><\/div><\/div>\n<div class='avia-testimonial av_one_fourth flex_column no_margin avia-testimonial-row-1 ' ><div class='avia-testimonial_inner'  itemscope=\"itemscope\" itemtype=\"https:\/\/schema.org\/CreativeWork\" ><div class='avia-testimonial-content '  ><div class='avia-testimonial-markup-entry-content'  itemprop=\"text\" ><p class=\"paragraph_style_5\">Danke dir f\u00fcr das Buch, also, dass du es geschrieben hast, es ist wirklich wunderbar! Es ist eine tolle Mischung und Struktur und Inhalt lassen dich und deinen \u00f6kologischen Lebensweg quasi aus dem Buch erriechen. Dein Schreibstil ist sehr passend und unterhaltsam f\u00fcr solch ein Buch und f\u00fcr die zu erwartende Leserschaft.Toll!<\/p>\n<p class=\"paragraph_style_2\">Stefan Menzel, Bundesarbeitskreissprecher Meer und K\u00fcste des BUND -Naturschutz<\/p>\n<\/div><\/div><div class='avia-testimonial-meta'><div class='avia-testimonial-arrow-wrap'><div class='avia-arrow'><\/div><\/div><div class='avia-testimonial-meta-mini'  itemprop=\"author\" itemscope=\"itemscope\" itemtype=\"https:\/\/schema.org\/Person\" ><strong  class='avia-testimonial-name'    itemprop=\"name\" >Stefan Menzel<\/strong><span  class='avia-testimonial-subtitle '    itemprop=\"jobTitle\" >BUND Bundes AK-Sprecher Meer und K\u00fcste<\/span><\/div><\/div><\/div><\/div>\n<\/section><\/div>\n","protected":false},"excerpt":{"rendered":"","protected":false},"author":2,"featured_media":0,"parent":0,"menu_order":0,"comment_status":"open","ping_status":"closed","template":"","meta":{"jetpack_post_was_ever_published":false,"footnotes":""},"class_list":["post-2","page","type-page","status-publish","hentry"],"jetpack_sharing_enabled":true,"jetpack_shortlink":"https:\/\/wp.me\/P5YYdk-2","_links":{"self":[{"href":"https:\/\/www.syltopia.de\/index.php?rest_route=\/wp\/v2\/pages\/2","targetHints":{"allow":["GET"]}}],"collection":[{"href":"https:\/\/www.syltopia.de\/index.php?rest_route=\/wp\/v2\/pages"}],"about":[{"href":"https:\/\/www.syltopia.de\/index.php?rest_route=\/wp\/v2\/types\/page"}],"author":[{"embeddable":true,"href":"https:\/\/www.syltopia.de\/index.php?rest_route=\/wp\/v2\/users\/2"}],"replies":[{"embeddable":true,"href":"https:\/\/www.syltopia.de\/index.php?rest_route=%2Fwp%2Fv2%2Fcomments&post=2"}],"version-history":[{"count":34,"href":"https:\/\/www.syltopia.de\/index.php?rest_route=\/wp\/v2\/pages\/2\/revisions"}],"predecessor-version":[{"id":928,"href":"https:\/\/www.syltopia.de\/index.php?rest_route=\/wp\/v2\/pages\/2\/revisions\/928"}],"wp:attachment":[{"href":"https:\/\/www.syltopia.de\/index.php?rest_route=%2Fwp%2Fv2%2Fmedia&parent=2"}],"curies":[{"name":"wp","href":"https:\/\/api.w.org\/{rel}","templated":true}]}}